{"id":626,"date":"2023-07-30T21:00:38","date_gmt":"2023-07-30T21:00:38","guid":{"rendered":"https:\/\/www.revistastellium.com\/?page_id=626"},"modified":"2026-08-27T20:03:45","modified_gmt":"2026-08-27T20:03:45","slug":"quienes-somos","status":"publish","type":"page","link":"https:\/\/www.revistastellium.com\/?page_id=626","title":{"rendered":"Qui\u00e9nes somos"},"content":{"rendered":"<p>[et_pb_section fb_built=&#8221;1&#8243; _builder_version=&#8221;4.21.0&#8243; _module_preset=&#8221;default&#8221; custom_padding=&#8221;||0px|||&#8221; global_colors_info=&#8221;{}&#8221;][et_pb_row _builder_version=&#8221;4.21.0&#8243; _module_preset=&#8221;default&#8221; custom_padding=&#8221;||0px|||&#8221; global_colors_info=&#8221;{}&#8221;][et_pb_column type=&#8221;4_4&#8243; _builder_version=&#8221;4.21.0&#8243; _module_preset=&#8221;default&#8221; global_colors_info=&#8221;{}&#8221;][et_pb_text _builder_version=&#8221;4.21.2&#8243; _module_preset=&#8221;2c2987cf-400c-441e-a837-93bf2b28f4c1&#8243; header_font=&#8221;|800||on|||||&#8221; header_font_size=&#8221;60px&#8221; header_letter_spacing=&#8221;5px&#8221; header_line_height=&#8221;1.1em&#8221; header_font_tablet=&#8221;|700||on|||||&#8221; header_font_phone=&#8221;|700||on|||||&#8221; header_font_last_edited=&#8221;on|phone&#8221; header_font_size_tablet=&#8221;47px&#8221; header_font_size_phone=&#8221;37px&#8221; header_font_size_last_edited=&#8221;on|phone&#8221; global_colors_info=&#8221;{}&#8221;]<\/p>\n<h1>El Equipo Editorial<\/h1>\n<p>[\/et_pb_text][\/et_pb_column][\/et_pb_row][\/et_pb_section][et_pb_section fb_built=&#8221;1&#8243; _builder_version=&#8221;4.21.2&#8243; _module_preset=&#8221;default&#8221; custom_padding=&#8221;14px||0px|||&#8221; border_width_bottom=&#8221;0px&#8221; global_colors_info=&#8221;{}&#8221;][et_pb_row column_structure=&#8221;1_2,1_2&#8243; _builder_version=&#8221;4.21.2&#8243; _module_preset=&#8221;default&#8221; global_colors_info=&#8221;{}&#8221;][et_pb_column type=&#8221;1_2&#8243; _builder_version=&#8221;4.21.2&#8243; _module_preset=&#8221;default&#8221; border_width_bottom=&#8221;3px&#8221; border_color_bottom=&#8221;#F07241&#8243; global_colors_info=&#8221;{}&#8221;][et_pb_team_member name=&#8221;ARMINDA ABDOLA HERN\u00c1NDEZ&#8221; position=&#8221;Editora&#8221; image_url=&#8221;https:\/\/www.revistastellium.com\/wp-content\/uploads\/2023\/08\/WEBArminda.jpg&#8221; admin_label=&#8221;ARMINDA ABDOLA HERN\u00c1NDEZ&#8221; _builder_version=&#8221;4.27.2&#8243; _module_preset=&#8221;default&#8221; text_orientation=&#8221;left&#8221; width=&#8221;95%&#8221; custom_margin=&#8221;30px|0px|30px|0px|false|true&#8221; custom_padding=&#8221;|35px|20px|35px|false|true&#8221; border_width_bottom=&#8221;0px&#8221; border_color_bottom=&#8221;RGBA(255,255,255,0)&#8221; global_colors_info=&#8221;{}&#8221;]<\/p>\n<ol><\/ol>\n<p><span style=\"font-weight: 400;\">Mi nombre es Arminda y mi labor como astr\u00f3loga, creadora y vocera est\u00e1 al servicio del despliegue org\u00e1nico, evolutivo y creativo.<\/span><\/p>\n<p><span style=\"font-weight: 400;\">Como especialista en el pionero enfoque Body-Mind Centering\u00ae, cultivo el enfoque corporal en la consulta astrol\u00f3gica y facilito laboratorios colectivos de ciclaje a tiempo real, principalmente en torno a los ciclos sin\u00f3dicos de Venus y Marte.<\/span><\/p>\n<p><span style=\"font-weight: 400;\">A trav\u00e9s de ambos senderos investigo el engranaje entre s\u00edmbolo y po\u00e9tica, astronom\u00eda y anatom\u00eda experiencial, ciclicidad y desarrollo creativo, sosteniendo siempre el foco en avivar la sabidur\u00eda innata, la inteligencia vincular y la \u201c<\/span><i><span style=\"font-weight: 400;\">relaci\u00f3n direct<\/span><\/i><span style=\"font-weight: 400;\">a\u201d entre el cuerpo, la Tierra, el Cielo y el misterio.<\/span><\/p>\n<p>[\/et_pb_team_member][\/et_pb_column][et_pb_column type=&#8221;1_2&#8243; _builder_version=&#8221;4.21.0&#8243; _module_preset=&#8221;default&#8221; border_width_bottom=&#8221;3px&#8221; border_color_bottom=&#8221;#F07241&#8243; global_colors_info=&#8221;{}&#8221;][et_pb_team_member name=&#8221;Itziar Azkona D. F.Astro.S&#8221; position=&#8221;Editora&#8221; image_url=&#8221;https:\/\/www.revistastellium.com\/wp-content\/uploads\/2023\/08\/Itziar-WEB.jpg&#8221; admin_label=&#8221;Itziar Azkona D. F.Astro.S&#8221; _builder_version=&#8221;4.27.2&#8243; _module_preset=&#8221;default&#8221; text_orientation=&#8221;left&#8221; width=&#8221;95%&#8221; custom_margin=&#8221;30px|0px|30px|0px|false|true&#8221; custom_padding=&#8221;|35px|20px|35px|false|true&#8221; border_width_bottom=&#8221;0px&#8221; border_color_bottom=&#8221;RGBA(255,255,255,0)&#8221; global_colors_info=&#8221;{}&#8221;]<\/p>\n<p style=\"text-align: left;\"><span><\/span><\/p>\n<p style=\"text-align: left;\"><span>Soy Licenciada en Ciencias Pol\u00edticas y Sociolog\u00eda. Tras un M\u00e1ster en Investigaci\u00f3n Social en University of Surrey decid\u00ed estudiar astrolog\u00eda. Obtuve el Diploma de la Faculty de Estudios Astrol\u00f3gicos de Londres donde ahora soy profesora y tutora. En la actualidad, ense\u00f1o astrolog\u00eda y como coach ofrezco consultor\u00eda personal desde Espacio \u00c1gora a nivel internacional. Colaboro en varios proyectos sin \u00e1nimo de lucro: soy Global Director de ISAR para Espa\u00f1a <\/span><i><span>(International Society for Astrological Research) <\/span><\/i><span>y formo parte del equipo editorial de la Revista Stellium, la principal publicaci\u00f3n de astrolog\u00eda en espa\u00f1ol. He participado en el Congreso Internacional de Astrolog\u00eda Online as\u00ed como en numerosas ponencias, publicaciones y colaboraciones con otras escuelas de Astrolog\u00eda.<\/span><br \/><span style=\"font-weight: 400;\"><\/span><\/p>\n<p style=\"text-align: left;\">[\/et_pb_team_member][\/et_pb_column][\/et_pb_row][et_pb_row column_structure=&#8221;1_2,1_2&#8243; _builder_version=&#8221;4.21.2&#8243; _module_preset=&#8221;default&#8221; global_colors_info=&#8221;{}&#8221;][et_pb_column type=&#8221;1_2&#8243; _builder_version=&#8221;4.21.2&#8243; _module_preset=&#8221;default&#8221; border_width_bottom=&#8221;3px&#8221; border_color_bottom=&#8221;#F07241&#8243; global_colors_info=&#8221;{}&#8221;][et_pb_team_member name=&#8221;Iva Hryc&#8221; position=&#8221;Editora&#8221; image_url=&#8221;https:\/\/www.revistastellium.com\/wp-content\/uploads\/2023\/08\/Copia-de-Foto-Iva-1.png&#8221; admin_label=&#8221;Iva Hryc&#8221; _builder_version=&#8221;4.27.7&#8243; _module_preset=&#8221;default&#8221; text_orientation=&#8221;left&#8221; width=&#8221;95%&#8221; custom_margin=&#8221;30px|0px|30px|0px|false|true&#8221; custom_padding=&#8221;|35px|20px|35px|false|true&#8221; border_width_bottom=&#8221;0px&#8221; border_color_bottom=&#8221;RGBA(255,255,255,0)&#8221; global_colors_info=&#8221;{}&#8221;]<\/p>\n<p><span style=\"font-weight: 400;\">Mi encuentro con la astrologi\u0301a fue el resultado de un camino de indagacio\u0301n que comenzo\u0301 por otros lenguajes como la arquitectura, la literatura y la fotografi\u0301a. Estudi\u00e9 y trabajo en traduccio\u0301n y subtitulado. Me apasionan las lenguas, los dichos, las frases y todo modo de expresarse con palabras. Llegu\u00e9 a la astrologi\u0301a primero como consultante, y la revoluci\u00f3n fue tal que en seguida empec\u00e9 un camino de formaci\u00f3n en Casa XI, en Buenos Aires, y luego en la escuela de posgrados de Silvia Neira. Actualmente trabajo como astro\u0301loga en Buenos Aires y sigo estudiando y buscando la manera de que el c\u00f3digo astrol\u00f3gico sea un mapa cada vez m\u00e1s amoroso para ayudarnos a encontrarnos adentro y afuera. Practico yoga y bioenerg\u00e9tica para seguir encontrando puntos de si\u0301ntesis entre el co\u0301digo abstracto de nuestro cielo y el mundo concreto del cuerpo, la vivencia y la emocio\u0301n, para acompan\u0303ar y acompan\u0303arme a encontrar ma\u0301s maneras de habitarnos conscientemente.<\/span><\/p>\n<p>&nbsp;<\/p>\n<p>[\/et_pb_team_member][\/et_pb_column][et_pb_column type=&#8221;1_2&#8243; _builder_version=&#8221;4.21.2&#8243; _module_preset=&#8221;default&#8221; border_width_bottom=&#8221;3px&#8221; border_color_bottom=&#8221;#F07241&#8243; global_colors_info=&#8221;{}&#8221;][et_pb_team_member name=&#8221;Luc\u00eda Caprarulo&#8221; position=&#8221;Editora&#8221; image_url=&#8221;https:\/\/www.revistastellium.com\/wp-content\/uploads\/2026\/08\/Lucia-Caprarulo.jpg&#8221; admin_label=&#8221;Luc\u00eda Caprarulo&#8221; _builder_version=&#8221;4.27.7&#8243; _module_preset=&#8221;default&#8221; text_orientation=&#8221;left&#8221; width=&#8221;95%&#8221; custom_margin=&#8221;30px|0px|30px|0px|false|true&#8221; custom_padding=&#8221;|35px|20px|35px|false|true&#8221; border_width_bottom=&#8221;0px&#8221; border_color_bottom=&#8221;RGBA(255,255,255,0)&#8221; global_colors_info=&#8221;{}&#8221;]<\/p>\n<p dir=\"ltr\"><span>Nac\u00ed en Buenos Aires el d\u00eda de los Reyes Magos. A los 23 a\u00f1os me gradu\u00e9 como Astr\u00f3loga (Casa XI) y a los 24 como Psic\u00f3loga. Me gusta estudiar, investigar y crear, as\u00ed que estudi\u00e9 de todo: terapia corporal bioenerg\u00e9tica, sanaci\u00f3n energ\u00e9tica, ensue\u00f1o dirigido, flores de Bach (adem\u00e1s de m\u00faltiples formaciones de Astrolog\u00eda y arte). Ejerc\u00ed en mi consultorio durante a\u00f1os acompa\u00f1ando a cientos de consultantes.\u00a0<\/span><\/p>\n<p dir=\"ltr\"><span>A los 33 a\u00f1os emigr\u00e9 a Barcelona, trabajando como docente y consultora astrol\u00f3gica para Cosmograma. Tras seis a\u00f1os, viv\u00ed un colapso que me llev\u00f3 a replantear mi forma de vida y trabajo. As\u00ed naci\u00f3 mi propio espacio online para cursos de perfeccionamiento astrol\u00f3gico y lecturas personalizadas. Lanc\u00e9 mi podcast sobre Astrolog\u00eda y salud y me un\u00ed al maravilloso equipo de Stellium. <\/span><\/p>\n<p>[\/et_pb_team_member][\/et_pb_column][\/et_pb_row][et_pb_row column_structure=&#8221;1_2,1_2&#8243; _builder_version=&#8221;4.21.2&#8243; _module_preset=&#8221;default&#8221; global_colors_info=&#8221;{}&#8221;][et_pb_column type=&#8221;1_2&#8243; _builder_version=&#8221;4.21.2&#8243; _module_preset=&#8221;default&#8221; border_width_bottom=&#8221;3px&#8221; border_color_bottom=&#8221;#F07241&#8243; global_colors_info=&#8221;{}&#8221;][et_pb_team_member name=&#8221;Marcela Andaluz &#8221; position=&#8221;Sitio Web&#8221; image_url=&#8221;https:\/\/www.revistastellium.com\/wp-content\/uploads\/2023\/07\/IMG_1422-scaled-e1690662356507.jpeg&#8221; admin_label=&#8221;Marcela Andaluz &#8221; _builder_version=&#8221;4.27.7&#8243; _module_preset=&#8221;default&#8221; text_orientation=&#8221;left&#8221; width=&#8221;95%&#8221; custom_margin=&#8221;30px|0px|30px|0px|false|true&#8221; custom_padding=&#8221;|35px|20px|35px|false|true&#8221; border_width_bottom=&#8221;0px&#8221; border_color_bottom=&#8221;RGBA(255,255,255,0)&#8221; global_colors_info=&#8221;{}&#8221;]<\/p>\n<p>Desde ni\u00f1a, me cautivaron la Luna y las estrellas, so\u00f1ando con aventuras en mundos que solo exist\u00edan en mi imaginaci\u00f3n.<\/p>\n<div>\n<p>Soy astr\u00f3loga humanista, me gradu\u00e9 con los m\u00e1ximos honores del Curso de Certificaci\u00f3n en Astrolog\u00eda de Noel Tyl, adem\u00e1s que soy Life Coach en Psicos\u00edntesis.<\/p>\n<p>Mi trabajo en el campo de la astrolog\u00eda me ha permitido viajar a muchos lugares fascinantes. Nac\u00ed en la Ciudad de M\u00e9xico, pero actualmente vivo cerca de Seattle.<\/p>\n<p>Aqu\u00ed he tenido la suerte de estar en contacto con que me inspiran d\u00eda a d\u00eda y me ha dado la oportunidad de servir en nuestra comunidad de muchas formas. Por 5 a\u00f1os, fui parte de la mesa directiva de la Asociaci\u00f3n Astrol\u00f3gica del Estado de Washington.<\/p>\n<p>Actualmente, soy la Directora de Diversidad e Inclusi\u00f3n de ISAR.<\/p>\n<\/div>\n<p>[\/et_pb_team_member][\/et_pb_column][et_pb_column type=&#8221;1_2&#8243; _builder_version=&#8221;4.21.2&#8243; _module_preset=&#8221;default&#8221; border_width_bottom=&#8221;3px&#8221; border_color_bottom=&#8221;#F07241&#8243; global_colors_info=&#8221;{}&#8221;][\/et_pb_column][\/et_pb_row][\/et_pb_section][et_pb_section fb_built=&#8221;1&#8243; _builder_version=&#8221;4.21.0&#8243; _module_preset=&#8221;default&#8221; custom_padding=&#8221;16px||15px|||&#8221; global_colors_info=&#8221;{}&#8221;][et_pb_row _builder_version=&#8221;4.21.2&#8243; _module_preset=&#8221;10d20ac6-08e7-4ffd-becc-ea383eb83d01&#8243; global_colors_info=&#8221;{}&#8221;][et_pb_column type=&#8221;4_4&#8243; _builder_version=&#8221;4.21.2&#8243; _module_preset=&#8221;default&#8221; border_color_top=&#8221;#F07241&#8243; border_width_bottom=&#8221;2px&#8221; border_color_bottom=&#8221;#F07241&#8243; global_colors_info=&#8221;{}&#8221;][et_pb_text _builder_version=&#8221;4.22.2&#8243; _module_preset=&#8221;2c2987cf-400c-441e-a837-93bf2b28f4c1&#8243; header_font=&#8221;|700||on|||||&#8221; header_font_size=&#8221;51px&#8221; header_letter_spacing=&#8221;1px&#8221; custom_padding=&#8221;||8px||false|false&#8221; header_font_tablet=&#8221;|700||on|||||&#8221; header_font_phone=&#8221;|700||on|||||&#8221; header_font_last_edited=&#8221;on|desktop&#8221; header_font_size_tablet=&#8221;39px&#8221; header_font_size_phone=&#8221;26px&#8221; global_colors_info=&#8221;{}&#8221;]<\/p>\n<h1>Colaboraciones externas<\/h1>\n<p>[\/et_pb_text][\/et_pb_column][\/et_pb_row][et_pb_row column_structure=&#8221;1_2,1_2&#8243; _builder_version=&#8221;4.22.2&#8243; _module_preset=&#8221;default&#8221; custom_margin=&#8221;-28px||||false|false&#8221; global_colors_info=&#8221;{}&#8221;][et_pb_column type=&#8221;1_2&#8243; _builder_version=&#8221;4.22.2&#8243; _module_preset=&#8221;default&#8221; border_width_bottom=&#8221;3px&#8221; border_color_bottom=&#8221;#F07241&#8243; global_colors_info=&#8221;{}&#8221;][et_pb_team_member name=&#8221;Elba Mar\u00eda Jim\u00e9nez &#8221; position=&#8221;Dise\u00f1adora&#8221; image_url=&#8221;https:\/\/www.revistastellium.com\/wp-content\/uploads\/2023\/08\/Elsa.jpg&#8221; admin_label=&#8221;Elba Mar\u00eda Jim\u00e9nez &#8221; _builder_version=&#8221;4.27.7&#8243; _module_preset=&#8221;default&#8221; text_orientation=&#8221;left&#8221; width=&#8221;95%&#8221; custom_margin=&#8221;30px|0px|30px|0px|false|true&#8221; custom_padding=&#8221;|35px|20px|35px|false|true&#8221; border_color_bottom=&#8221;RGBA(255,255,255,0)&#8221; global_colors_info=&#8221;{}&#8221;]<\/p>\n<p><span style=\"font-weight: 400;\">De formaci\u00f3n en el \u00e1rea de Dise\u00f1o Gr\u00e1fico, soy amante de los astros y misterios del universo. Desde hace 5 a\u00f1os transform\u00e9 mis inquietudes en una formaci\u00f3n en Astrolog\u00eda Herm\u00e9tica, en la Ciudad de M\u00e9xico, en donde explor\u00e9 el mundo de los elixires alqu\u00edmicos. Posteriormente, descubr\u00ed el mundo de Edward Bach y sus remedios florales, tema en el que me especialic\u00e9 en Guadalajara, bajo la guianza de Eduardo H. Grecco. <\/span><\/p>\n<p><span style=\"font-weight: 400;\">Actualmente, desarrollo mi parte creativa dentro del sector privado, y a su vez en proyectos de Desarrollo Social con grupos de mujeres ind\u00edgenas en Chiapas. As\u00ed combinar las facetas de mi Sol en Escorpio y ascendente en G\u00e9minis, que se ven reflejadas en mis proyectos y expresi\u00f3n personal. <\/span><\/p>\n<p>[\/et_pb_team_member][\/et_pb_column][et_pb_column type=&#8221;1_2&#8243; _builder_version=&#8221;4.22.2&#8243; _module_preset=&#8221;default&#8221; border_width_bottom=&#8221;3px&#8221; border_color_bottom=&#8221;#F07241&#8243; global_colors_info=&#8221;{}&#8221;][et_pb_team_member name=&#8221;Felipe Ortega Regalado&#8221; position=&#8221;Ilustrador&#8221; image_url=&#8221;https:\/\/www.revistastellium.com\/wp-content\/uploads\/2023\/12\/Felipe-Ortega.jpg&#8221; admin_label=&#8221;Felipe Ortega Regalado&#8221; _builder_version=&#8221;4.22.2&#8243; _module_preset=&#8221;default&#8221; text_orientation=&#8221;left&#8221; width=&#8221;95%&#8221; custom_margin=&#8221;30px|0px|30px|0px|false|true&#8221; custom_padding=&#8221;|35px|20px|35px|false|true&#8221; border_color_bottom=&#8221;RGBA(255,255,255,0)&#8221; global_colors_info=&#8221;{}&#8221;]<\/p>\n<p style=\"text-align: left;\"><span style=\"font-weight: 400;\">Vive y trabaja en Sevilla desde 1995. Actualmente se dedica a investigar las posibilidades del mundo pl\u00e1stico dentro de un paradigma eminentemente po\u00e9tico y metaf\u00edsico, enlazando a sus im\u00e1genes textos que abren puertas de reflexi\u00f3n personal, rozando en muchos casos la autoindagaci\u00f3n Vedanta.<\/span><\/p>\n<p style=\"text-align: left;\"><span style=\"font-weight: 400;\">El intento de su obra es hacer de ella una catapulta que impulse al espectador hacia su<\/span><span style=\"font-weight: 400;\">propia observaci\u00f3n y substancia de la realidad. La materializaci\u00f3n\/ desmaterializaci\u00f3n del arte como puerta de acceso hacia la experiencia creativa del Ser.\u00a0<\/span><\/p>\n<p style=\"text-align: left;\"><span style=\"font-weight: 400;\">Su vocaci\u00f3n como artista y poeta se conjuga con la labor pedag\u00f3gica y did\u00e1ctica a la que <\/span><span style=\"font-weight: 400;\">se dedica desde el 2005, impartiendo charlas y facilitando talleres sobre la expansi\u00f3n de <\/span><span style=\"font-weight: 400;\">la creatividad y la consciencia, utilizando el arte, la astrolog\u00eda y las Nuevas Constelaciones Familiares.<\/span><\/p>\n<p style=\"text-align: left;\">[\/et_pb_team_member][\/et_pb_column][\/et_pb_row][et_pb_row _builder_version=&#8221;4.21.0&#8243; _module_preset=&#8221;default&#8221; global_colors_info=&#8221;{}&#8221;][et_pb_column type=&#8221;4_4&#8243; _builder_version=&#8221;4.21.0&#8243; _module_preset=&#8221;default&#8221; global_colors_info=&#8221;{}&#8221;][et_pb_text _builder_version=&#8221;4.21.2&#8243; _module_preset=&#8221;2c2987cf-400c-441e-a837-93bf2b28f4c1&#8243; header_font=&#8221;|700||on|||||&#8221; header_text_color=&#8221;#601848&#8243; header_font_size=&#8221;49px&#8221; header_line_height=&#8221;1.1em&#8221; header_font_tablet=&#8221;|700||on|||||&#8221; header_font_phone=&#8221;|700||on|||||&#8221; header_font_last_edited=&#8221;on|phone&#8221; header_font_size_tablet=&#8221;46px&#8221; header_font_size_phone=&#8221;33px&#8221; header_font_size_last_edited=&#8221;on|tablet&#8221; header_letter_spacing_tablet=&#8221;3px&#8221; header_letter_spacing_phone=&#8221;3px&#8221; header_letter_spacing_last_edited=&#8221;on|desktop&#8221; global_colors_info=&#8221;{}&#8221;]<\/p>\n<h1>Escritores Habituales<\/h1>\n<p>[\/et_pb_text][\/et_pb_column][\/et_pb_row][\/et_pb_section][et_pb_section fb_built=&#8221;1&#8243; _builder_version=&#8221;4.21.0&#8243; _module_preset=&#8221;default&#8221; global_colors_info=&#8221;{}&#8221;][et_pb_row column_structure=&#8221;1_4,1_4,1_4,1_4&#8243; _builder_version=&#8221;4.21.0&#8243; _module_preset=&#8221;fac42c5a-0d36-4802-8158-12d6259254d0&#8243; global_colors_info=&#8221;{}&#8221;][et_pb_column type=&#8221;1_4&#8243; _builder_version=&#8221;4.21.0&#8243; _module_preset=&#8221;default&#8221; border_width_top=&#8221;2px&#8221; border_color_top=&#8221;#C04848&#8243; border_width_bottom=&#8221;2px&#8221; border_color_bottom=&#8221;#C04848&#8243; global_colors_info=&#8221;{}&#8221;][et_pb_blurb title=&#8221;Alejo L\u00f3pez&#8221; image=&#8221;https:\/\/www.revistastellium.com\/wp-content\/uploads\/2023\/07\/Alejo-Lopez-Foto-e1690661813366.jpg&#8221; _builder_version=&#8221;4.21.0&#8243; _module_preset=&#8221;default&#8221; global_colors_info=&#8221;{}&#8221;]<\/p>\n<h2>Fundador<\/h2>\n<p><a href=\"https:\/\/www.revistastellium.com\/?p=859\">An\u00e1lisis de la historia a trav\u00e9s del di\u00e1logo tit\u00e1nico entre Saturno y Urano<\/a><\/p>\n<p>[\/et_pb_blurb][\/et_pb_column][et_pb_column type=&#8221;1_4&#8243; _builder_version=&#8221;4.21.0&#8243; _module_preset=&#8221;default&#8221; border_width_top=&#8221;2px&#8221; border_color_top=&#8221;#C04848&#8243; border_width_bottom=&#8221;2px&#8221; border_color_bottom=&#8221;#C04848&#8243; global_colors_info=&#8221;{}&#8221;][et_pb_blurb title=&#8221;Alejandro Lodi&#8221; image=&#8221;https:\/\/www.revistastellium.com\/wp-content\/uploads\/2023\/08\/Lodi-4.3.png&#8221; _builder_version=&#8221;4.21.0&#8243; _module_preset=&#8221;default&#8221; global_colors_info=&#8221;{}&#8221;]<\/p>\n<p><a href=\"https:\/\/www.revistastellium.com\/?p=792\">La armadura del penitente<\/a><\/p>\n<p>[\/et_pb_blurb][\/et_pb_column][et_pb_column type=&#8221;1_4&#8243; _builder_version=&#8221;4.21.0&#8243; _module_preset=&#8221;default&#8221; border_width_top=&#8221;2px&#8221; border_color_top=&#8221;#C04848&#8243; border_width_bottom=&#8221;2px&#8221; border_color_bottom=&#8221;#C04848&#8243; global_colors_info=&#8221;{}&#8221;][et_pb_blurb title=&#8221;Aleix Mercad\u00e9&#8221; image=&#8221;https:\/\/www.revistastellium.com\/wp-content\/uploads\/2023\/07\/foto-2-Aleix-Mercade-scaled.jpeg&#8221; _builder_version=&#8221;4.21.2&#8243; _module_preset=&#8221;default&#8221; global_colors_info=&#8221;{}&#8221;]<\/p>\n<p><a href=\"https:\/\/www.revistastellium.com\/?p=1295\">La astrolog\u00eda como herramienta terap\u00e9utica. Estudio de un caso de duelo complicado.<\/a><\/p>\n<p>[\/et_pb_blurb][\/et_pb_column][et_pb_column type=&#8221;1_4&#8243; _builder_version=&#8221;4.21.0&#8243; _module_preset=&#8221;default&#8221; border_width_top=&#8221;2px&#8221; border_color_top=&#8221;#C04848&#8243; border_width_bottom=&#8221;2px&#8221; border_color_bottom=&#8221;#C04848&#8243; global_colors_info=&#8221;{}&#8221;][et_pb_blurb title=&#8221;Arminda Abdola Hern\u00e1ndez&#8221; image=&#8221;https:\/\/www.revistastellium.com\/wp-content\/uploads\/2023\/08\/WEBArminda.jpg&#8221; _builder_version=&#8221;4.22.2&#8243; _module_preset=&#8221;default&#8221; global_colors_info=&#8221;{}&#8221;]<\/p>\n<p><a href=\"https:\/\/www.revistastellium.com\/?p=563\">Astrolog\u00eda y enfoque corporal (I)<\/a><\/p>\n<p>[\/et_pb_blurb][\/et_pb_column][\/et_pb_row][et_pb_row column_structure=&#8221;1_4,1_4,1_4,1_4&#8243; _builder_version=&#8221;4.21.0&#8243; _module_preset=&#8221;fac42c5a-0d36-4802-8158-12d6259254d0&#8243; global_colors_info=&#8221;{}&#8221;][et_pb_column type=&#8221;1_4&#8243; _builder_version=&#8221;4.21.0&#8243; _module_preset=&#8221;default&#8221; border_width_top=&#8221;2px&#8221; border_color_top=&#8221;#C04848&#8243; border_width_bottom=&#8221;2px&#8221; border_color_bottom=&#8221;#C04848&#8243; global_colors_info=&#8221;{}&#8221;][et_pb_blurb title=&#8221;Fran Stella&#8221; image=&#8221;https:\/\/www.revistastellium.com\/wp-content\/uploads\/2026\/08\/FranStellaHS.jpg&#8221; _builder_version=&#8221;4.27.7&#8243; _module_preset=&#8221;default&#8221; global_colors_info=&#8221;{}&#8221;]<\/p>\n<p><a href=\"https:\/\/www.revistastellium.com\/?p=2340\">Gestos V: Procesos de Singularizaci\u00f3n<\/a><\/p>\n<p><a href=\"https:\/\/www.revistastellium.com\/?p=2072\">Palabras m\u00e1gicas<\/a><\/p>\n<p><a href=\"https:\/\/www.revistastellium.com\/?p=1948\">Los gestos de la astrolog\u00eda<\/a><\/p>\n<p>[\/et_pb_blurb][\/et_pb_column][et_pb_column type=&#8221;1_4&#8243; _builder_version=&#8221;4.21.0&#8243; _module_preset=&#8221;default&#8221; border_width_top=&#8221;2px&#8221; border_color_top=&#8221;#C04848&#8243; border_width_bottom=&#8221;2px&#8221; border_color_bottom=&#8221;#C04848&#8243; global_colors_info=&#8221;{}&#8221;][et_pb_blurb title=&#8221;Gi Juliano&#8221; image=&#8221;https:\/\/www.revistastellium.com\/wp-content\/uploads\/2023\/07\/Copia-de-Foto-gi.juliano-Gi-Juliano-e1690662272134.jpg&#8221; _builder_version=&#8221;4.21.0&#8243; _module_preset=&#8221;default&#8221; global_colors_info=&#8221;{}&#8221;]<\/p>\n<p><a href=\"https:\/\/www.revistastellium.com\/?p=569\">La practica de la esperanza<\/a><\/p>\n<p>[\/et_pb_blurb][\/et_pb_column][et_pb_column type=&#8221;1_4&#8243; _builder_version=&#8221;4.21.0&#8243; _module_preset=&#8221;default&#8221; border_width_top=&#8221;2px&#8221; border_color_top=&#8221;#C04848&#8243; border_width_bottom=&#8221;2px&#8221; border_color_bottom=&#8221;#C04848&#8243; global_colors_info=&#8221;{}&#8221;][et_pb_blurb title=&#8221;Guadalupe Cheja&#8221; image=&#8221;https:\/\/www.revistastellium.com\/wp-content\/uploads\/2023\/08\/Guada-Cheja-Foto.png&#8221; _builder_version=&#8221;4.22.2&#8243; _module_preset=&#8221;default&#8221; global_colors_info=&#8221;{}&#8221;]<\/p>\n<p><a href=\"https:\/\/www.revistastellium.com\/?p=1475\">Astrolog\u00eda en el cuerpo: Mundo de adentro &#8211; Mundo de afuera\u00a0<\/a><\/p>\n<p>[\/et_pb_blurb][\/et_pb_column][et_pb_column type=&#8221;1_4&#8243; _builder_version=&#8221;4.21.0&#8243; _module_preset=&#8221;default&#8221; border_width_top=&#8221;2px&#8221; border_color_top=&#8221;#C04848&#8243; border_width_bottom=&#8221;2px&#8221; border_color_bottom=&#8221;#C04848&#8243; global_colors_info=&#8221;{}&#8221;][et_pb_blurb title=&#8221;In\u00e9s V\u00e1zquez&#8221; image=&#8221;https:\/\/www.revistastellium.com\/wp-content\/uploads\/2026\/08\/INES-VAZQUEZHS.jpg&#8221; _builder_version=&#8221;4.27.7&#8243; _module_preset=&#8221;default&#8221; global_colors_info=&#8221;{}&#8221;]<\/p>\n<p><a href=\"https:\/\/www.revistastellium.com\/?p=2255\">La sombra colectiva en la encrucijada colectiva b\u00e9lica de 2026<\/a><\/p>\n<p>[\/et_pb_blurb][\/et_pb_column][\/et_pb_row][et_pb_row column_structure=&#8221;1_4,1_4,1_4,1_4&#8243; _builder_version=&#8221;4.21.0&#8243; _module_preset=&#8221;fac42c5a-0d36-4802-8158-12d6259254d0&#8243; global_colors_info=&#8221;{}&#8221;][et_pb_column type=&#8221;1_4&#8243; _builder_version=&#8221;4.21.0&#8243; _module_preset=&#8221;default&#8221; border_width_top=&#8221;2px&#8221; border_color_top=&#8221;#C04848&#8243; border_width_bottom=&#8221;2px&#8221; border_color_bottom=&#8221;#C04848&#8243; global_colors_info=&#8221;{}&#8221;][et_pb_blurb title=&#8221;Isaac Forns&#8221; image=&#8221;https:\/\/www.revistastellium.com\/wp-content\/uploads\/2023\/07\/Copia-de-Escribio-FOTO-1-scaled-e1690836271272.jpg&#8221; _builder_version=&#8221;4.21.2&#8243; _module_preset=&#8221;default&#8221; global_colors_info=&#8221;{}&#8221;]<\/p>\n<p><a href=\"https:\/\/www.revistastellium.com\/?p=1307\">Apertura de horizontes: Oda a la astrolog\u00eda que abre.<\/a><\/p>\n<p>[\/et_pb_blurb][\/et_pb_column][et_pb_column type=&#8221;1_4&#8243; _builder_version=&#8221;4.21.0&#8243; _module_preset=&#8221;default&#8221; border_width_top=&#8221;2px&#8221; border_color_top=&#8221;#C04848&#8243; border_width_bottom=&#8221;2px&#8221; border_color_bottom=&#8221;#C04848&#8243; global_colors_info=&#8221;{}&#8221;][et_pb_blurb title=&#8221;Itziar Azkona&#8221; image=&#8221;https:\/\/www.revistastellium.com\/wp-content\/uploads\/2023\/08\/Itziar-WEB.jpg&#8221; _builder_version=&#8221;4.27.7&#8243; _module_preset=&#8221;default&#8221; global_colors_info=&#8221;{}&#8221;]<\/p>\n<p><a href=\"https:\/\/www.revistastellium.com\/?p=2215\">2026 \u2013 La hora de la verdad<\/a><\/p>\n<p><a href=\"https:\/\/www.revistastellium.com\/?p=869\">Un viaje colectivo hacia lo invisible -Plut\u00f3n en Acuario 2023-2044<\/a><\/p>\n<p>[\/et_pb_blurb][\/et_pb_column][et_pb_column type=&#8221;1_4&#8243; _builder_version=&#8221;4.21.0&#8243; _module_preset=&#8221;default&#8221; border_width_top=&#8221;2px&#8221; border_color_top=&#8221;#C04848&#8243; border_width_bottom=&#8221;2px&#8221; border_color_bottom=&#8221;#C04848&#8243; global_colors_info=&#8221;{}&#8221;][et_pb_blurb title=&#8221;Iva Hryc&#8221; image=&#8221;https:\/\/www.revistastellium.com\/wp-content\/uploads\/2023\/08\/Copia-de-Foto-Iva-1.png&#8221; _builder_version=&#8221;4.21.0&#8243; _module_preset=&#8221;default&#8221; global_colors_info=&#8221;{}&#8221;]<\/p>\n<p><a href=\"https:\/\/www.revistastellium.com\/?p=579\">Solsticio de junio: El valor de la verdad que somos<\/a><\/p>\n<p>[\/et_pb_blurb][\/et_pb_column][et_pb_column type=&#8221;1_4&#8243; _builder_version=&#8221;4.21.0&#8243; _module_preset=&#8221;default&#8221; border_width_top=&#8221;2px&#8221; border_color_top=&#8221;#C04848&#8243; border_width_bottom=&#8221;2px&#8221; border_color_bottom=&#8221;#C04848&#8243; global_colors_info=&#8221;{}&#8221;][et_pb_blurb title=&#8221;Jos\u00e9 Mill\u00e1n&#8221; image=&#8221;https:\/\/www.revistastellium.com\/wp-content\/uploads\/2025\/11\/Foto_Jose-Millan.jpeg&#8221; _builder_version=&#8221;4.27.7&#8243; _module_preset=&#8221;default&#8221; global_colors_info=&#8221;{}&#8221;]<\/p>\n<p><a href=\"https:\/\/www.revistastellium.com\/?p=2177\">Saturno en Aries: La prueba de la voluntad encarnada<\/a><\/p>\n<p>[\/et_pb_blurb][\/et_pb_column][\/et_pb_row][et_pb_row column_structure=&#8221;1_4,1_4,1_4,1_4&#8243; _builder_version=&#8221;4.21.0&#8243; _module_preset=&#8221;fac42c5a-0d36-4802-8158-12d6259254d0&#8243; global_colors_info=&#8221;{}&#8221;][et_pb_column type=&#8221;1_4&#8243; _builder_version=&#8221;4.21.0&#8243; _module_preset=&#8221;default&#8221; border_width_top=&#8221;2px&#8221; border_color_top=&#8221;#C04848&#8243; border_width_bottom=&#8221;2px&#8221; border_color_bottom=&#8221;#C04848&#8243; global_colors_info=&#8221;{}&#8221;][et_pb_blurb title=&#8221;Luis \u00c1lvarez&#8221; image=&#8221;https:\/\/www.revistastellium.com\/wp-content\/uploads\/2023\/07\/Copia-de-ESCRIBIO-FOTO-scaled-e1690661649703.jpg&#8221; _builder_version=&#8221;4.21.0&#8243; _module_preset=&#8221;default&#8221; global_colors_info=&#8221;{}&#8221;]<\/p>\n<p><a href=\"https:\/\/www.revistastellium.com\/?p=879\">Ursula K Le Guin: un estudio astro-bio-literario<\/a><span> <\/span><\/p>\n<p>[\/et_pb_blurb][\/et_pb_column][et_pb_column type=&#8221;1_4&#8243; _builder_version=&#8221;4.21.0&#8243; _module_preset=&#8221;default&#8221; border_width_top=&#8221;2px&#8221; border_color_top=&#8221;#C04848&#8243; border_width_bottom=&#8221;2px&#8221; border_color_bottom=&#8221;#C04848&#8243; global_colors_info=&#8221;{}&#8221;][et_pb_blurb title=&#8221;Luz Peuscovich&#8221; image=&#8221;https:\/\/www.revistastellium.com\/wp-content\/uploads\/2023\/08\/Luz-Peuscovichweb.jpg&#8221; _builder_version=&#8221;4.21.2&#8243; _module_preset=&#8221;default&#8221; global_colors_info=&#8221;{}&#8221;]<\/p>\n<p><a href=\"https:\/\/www.revistastellium.com\/?p=555\">Historias de mapas y puntos fijos<\/a><\/p>\n<p>[\/et_pb_blurb][\/et_pb_column][et_pb_column type=&#8221;1_4&#8243; _builder_version=&#8221;4.21.0&#8243; _module_preset=&#8221;default&#8221; border_width_top=&#8221;2px&#8221; border_color_top=&#8221;#C04848&#8243; border_width_bottom=&#8221;2px&#8221; border_color_bottom=&#8221;#C04848&#8243; global_colors_info=&#8221;{}&#8221;][et_pb_blurb title=&#8221;Manuel Ignacio Quiles&#8221; image=&#8221;https:\/\/www.revistastellium.com\/wp-content\/uploads\/2025\/11\/ManuelQuiles.jpg&#8221; alt=&#8221;Manuel Quiles&#8221; _builder_version=&#8221;4.27.7&#8243; _module_preset=&#8221;default&#8221; global_colors_info=&#8221;{}&#8221;]<\/p>\n<p><a href=\"https:\/\/www.revistastellium.com\/?p=2182\">El ancla de la tierra<\/a><\/p>\n<p>[\/et_pb_blurb][\/et_pb_column][et_pb_column type=&#8221;1_4&#8243; _builder_version=&#8221;4.21.0&#8243; _module_preset=&#8221;default&#8221; border_width_top=&#8221;2px&#8221; border_color_top=&#8221;#C04848&#8243; border_width_bottom=&#8221;2px&#8221; border_color_bottom=&#8221;#C04848&#8243; global_colors_info=&#8221;{}&#8221;][et_pb_blurb title=&#8221;Marcela Andaluz&#8221; image=&#8221;https:\/\/www.revistastellium.com\/wp-content\/uploads\/2023\/07\/IMG_1422-scaled-e1690662356507.jpeg&#8221; _builder_version=&#8221;4.22.2&#8243; _module_preset=&#8221;default&#8221; global_colors_info=&#8221;{}&#8221;]<\/p>\n<p><a href=\"https:\/\/www.revistastellium.com\/?p=1405\">Equinoccio en Libra: Renovaci\u00f3n Y Encuentro<\/a><\/p>\n<p>[\/et_pb_blurb][\/et_pb_column][\/et_pb_row][et_pb_row column_structure=&#8221;1_4,1_4,1_4,1_4&#8243; _builder_version=&#8221;4.21.0&#8243; _module_preset=&#8221;fac42c5a-0d36-4802-8158-12d6259254d0&#8243; global_colors_info=&#8221;{}&#8221;][et_pb_column type=&#8221;1_4&#8243; _builder_version=&#8221;4.21.0&#8243; _module_preset=&#8221;default&#8221; border_width_top=&#8221;2px&#8221; border_color_top=&#8221;#C04848&#8243; border_width_bottom=&#8221;2px&#8221; border_color_bottom=&#8221;#C04848&#8243; global_colors_info=&#8221;{}&#8221;][et_pb_blurb title=&#8221;Mar\u00eda Blaquier&#8221; image=&#8221;https:\/\/www.revistastellium.com\/wp-content\/uploads\/2023\/07\/escribio-FOTO-e1690744161421.jpg&#8221; admin_label=&#8221;Mar\u00eda Blaquier&#8221; _builder_version=&#8221;4.27.7&#8243; _module_preset=&#8221;default&#8221; global_colors_info=&#8221;{}&#8221;]<\/p>\n<p><a href=\"https:\/\/www.revistastellium.com\/?p=1218\">Astrolog\u00eda Horaria -\u00bfD\u00f3nde est\u00e1 el dinero?<\/a><\/p>\n<p>[\/et_pb_blurb][\/et_pb_column][et_pb_column type=&#8221;1_4&#8243; _builder_version=&#8221;4.21.0&#8243; _module_preset=&#8221;default&#8221; border_width_top=&#8221;2px&#8221; border_color_top=&#8221;#C04848&#8243; border_width_bottom=&#8221;2px&#8221; border_color_bottom=&#8221;#C04848&#8243; global_colors_info=&#8221;{}&#8221;][et_pb_blurb title=&#8221;Markheb&#8221; image=&#8221;https:\/\/www.revistastellium.com\/wp-content\/uploads\/2025\/08\/Markheb-Markheb.jpg&#8221; alt=&#8221;Manuel Quiles&#8221; admin_label=&#8221;Markheb&#8221; _builder_version=&#8221;4.27.7&#8243; _module_preset=&#8221;default&#8221; global_colors_info=&#8221;{}&#8221;]<\/p>\n<p><a href=\"https:\/\/www.revistastellium.com\/?p=2163\">Doroteo de Sid\u00f3n<\/a><\/p>\n<p>[\/et_pb_blurb][\/et_pb_column][et_pb_column type=&#8221;1_4&#8243; _builder_version=&#8221;4.21.0&#8243; _module_preset=&#8221;default&#8221; border_width_top=&#8221;2px&#8221; border_color_top=&#8221;#C04848&#8243; border_width_bottom=&#8221;2px&#8221; border_color_bottom=&#8221;#C04848&#8243; global_colors_info=&#8221;{}&#8221;][et_pb_blurb title=&#8221;Martina Carutti&#8221; image=&#8221;https:\/\/www.revistastellium.com\/wp-content\/uploads\/2023\/08\/Martina-Carutti-2Foto.png&#8221; _builder_version=&#8221;4.21.0&#8243; _module_preset=&#8221;default&#8221; global_colors_info=&#8221;{}&#8221;]<\/p>\n<p><a href=\"https:\/\/www.revistastellium.com\/?p=567\">L\u00f3gica del objeto de informaci\u00f3n<\/a><\/p>\n<p>[\/et_pb_blurb][\/et_pb_column][et_pb_column type=&#8221;1_4&#8243; _builder_version=&#8221;4.21.0&#8243; _module_preset=&#8221;default&#8221; border_width_top=&#8221;2px&#8221; border_color_top=&#8221;#C04848&#8243; border_width_bottom=&#8221;2px&#8221; border_color_bottom=&#8221;#C04848&#8243; global_colors_info=&#8221;{}&#8221;][et_pb_blurb title=&#8221;M\u00f3nica Gobbin&#8221; image=&#8221;https:\/\/www.revistastellium.com\/wp-content\/uploads\/2023\/07\/Monica-Gobbin-Foto-e1690743371990.jpeg&#8221; _builder_version=&#8221;4.21.0&#8243; _module_preset=&#8221;default&#8221; global_colors_info=&#8221;{}&#8221;]<\/p>\n<p><a href=\"https:\/\/www.revistastellium.com\/?p=1005\">Deconstruyendo la \u201cmetaf\u00edsica de la presencia\u201d<\/a><\/p>\n<p>[\/et_pb_blurb][\/et_pb_column][\/et_pb_row][et_pb_row column_structure=&#8221;1_4,1_4,1_4,1_4&#8243; _builder_version=&#8221;4.27.7&#8243; _module_preset=&#8221;fac42c5a-0d36-4802-8158-12d6259254d0&#8243; global_colors_info=&#8221;{}&#8221;][et_pb_column type=&#8221;1_4&#8243; _builder_version=&#8221;4.21.0&#8243; _module_preset=&#8221;default&#8221; border_width_top=&#8221;2px&#8221; border_color_top=&#8221;RGBA(255,255,255,0)&#8221; border_width_bottom=&#8221;2px&#8221; border_color_bottom=&#8221;RGBA(255,255,255,0)&#8221; global_colors_info=&#8221;{}&#8221;][\/et_pb_column][et_pb_column type=&#8221;1_4&#8243; _builder_version=&#8221;4.21.0&#8243; _module_preset=&#8221;default&#8221; border_width_top=&#8221;2px&#8221; border_color_top=&#8221;#C04848&#8243; border_width_bottom=&#8221;2px&#8221; border_color_bottom=&#8221;#C04848&#8243; global_colors_info=&#8221;{}&#8221;][et_pb_blurb title=&#8221;Roberto Abril Hidalgo&#8221; image=&#8221;https:\/\/www.revistastellium.com\/wp-content\/uploads\/2026\/08\/Roberto-Abril.jpg&#8221; _builder_version=&#8221;4.27.7&#8243; _module_preset=&#8221;default&#8221; hover_enabled=&#8221;0&#8243; global_colors_info=&#8221;{}&#8221; sticky_enabled=&#8221;0&#8243;]<\/p>\n<p><a href=\"https:\/\/www.revistastellium.com\/?p=2371\">Cada aspecto es un planeta<\/a><\/p>\n<p>[\/et_pb_blurb][\/et_pb_column][et_pb_column type=&#8221;1_4&#8243; _builder_version=&#8221;4.21.0&#8243; _module_preset=&#8221;default&#8221; border_width_top=&#8221;2px&#8221; border_color_top=&#8221;#C04848&#8243; border_width_bottom=&#8221;2px&#8221; border_color_bottom=&#8221;#C04848&#8243; global_colors_info=&#8221;{}&#8221;][et_pb_blurb title=&#8221;\u00darsula Stockder&#8221; image=&#8221;https:\/\/www.revistastellium.com\/wp-content\/uploads\/2023\/07\/Copia-de-Ursula-Stockder-scaled-e1690661985112.jpg&#8221; _builder_version=&#8221;4.21.0&#8243; _module_preset=&#8221;default&#8221; global_colors_info=&#8221;{}&#8221;]<\/p>\n<p><a href=\"https:\/\/www.revistastellium.com\/?p=558\">La dimensi\u00f3n espiritual de los caballos<\/a><\/p>\n<p>[\/et_pb_blurb][\/et_pb_column][et_pb_column type=&#8221;1_4&#8243; _builder_version=&#8221;4.21.0&#8243; _module_preset=&#8221;default&#8221; border_width_top=&#8221;2px&#8221; border_color_top=&#8221;RGBA(255,255,255,0)&#8221; border_width_bottom=&#8221;2px&#8221; border_color_bottom=&#8221;RGBA(255,255,255,0)&#8221; global_colors_info=&#8221;{}&#8221;][\/et_pb_column][\/et_pb_row][\/et_pb_section]<\/p>\n","protected":false},"excerpt":{"rendered":"<p>El Equipo Editorial Mi nombre es Arminda y mi labor como astr\u00f3loga, creadora y vocera est\u00e1 al servicio del despliegue org\u00e1nico, evolutivo y creativo. Como especialista en el pionero enfoque Body-Mind Centering\u00ae, cultivo el enfoque corporal en la consulta astrol\u00f3gica y facilito laboratorios colectivos de ciclaje a tiempo real, principalmente en torno a los ciclos [&hellip;]<\/p>\n","protected":false},"author":1,"featured_media":0,"parent":0,"menu_order":0,"comment_status":"closed","ping_status":"closed","template":"","meta":{"_et_pb_use_builder":"on","_et_pb_old_content":"","_et_gb_content_width":"","footnotes":""},"class_list":["post-626","page","type-page","status-publish","hentry"],"_links":{"self":[{"href":"https:\/\/www.revistastellium.com\/index.php?rest_route=\/wp\/v2\/pages\/626","targetHints":{"allow":["GET"]}}],"collection":[{"href":"https:\/\/www.revistastellium.com\/index.php?rest_route=\/wp\/v2\/pages"}],"about":[{"href":"https:\/\/www.revistastellium.com\/index.php?rest_route=\/wp\/v2\/types\/page"}],"author":[{"embeddable":true,"href":"https:\/\/www.revistastellium.com\/index.php?rest_route=\/wp\/v2\/users\/1"}],"replies":[{"embeddable":true,"href":"https:\/\/www.revistastellium.com\/index.php?rest_route=%2Fwp%2Fv2%2Fcomments&post=626"}],"version-history":[{"count":99,"href":"https:\/\/www.revistastellium.com\/index.php?rest_route=\/wp\/v2\/pages\/626\/revisions"}],"predecessor-version":[{"id":2384,"href":"https:\/\/www.revistastellium.com\/index.php?rest_route=\/wp\/v2\/pages\/626\/revisions\/2384"}],"wp:attachment":[{"href":"https:\/\/www.revistastellium.com\/index.php?rest_route=%2Fwp%2Fv2%2Fmedia&parent=626"}],"curies":[{"name":"wp","href":"https:\/\/api.w.org\/{rel}","templated":true}]}}